{"id":78,"date":"2013-08-05T20:27:51","date_gmt":"2013-08-05T19:27:51","guid":{"rendered":"http:\/\/fotografestival.cz\/2014\/?page_id=27"},"modified":"2014-09-25T16:04:42","modified_gmt":"2014-09-25T14:04:42","slug":"contact-info","status":"publish","type":"page","link":"https:\/\/2014.fotografestival.cz\/en\/contact-info\/","title":{"rendered":"Contact Info"},"content":{"rendered":"<p dir=\"ltr\"><strong>Fotograf 07 o. s.\u2028<\/strong><br \/> \u0160kolsk\u00e1 28<br \/> Praha 1<br \/> 110 00<\/p>\n<p dir=\"ltr\">\u2013\u2013<\/p>\n<p dir=\"ltr\">\u00a0info@fotografnet.cz<br \/> +420 222 942 334<\/p>\n<p dir=\"ltr\"><strong>Mark\u00e9ta Kinterov\u00e1\u2028<\/strong><br \/> <em>Art director<\/em><br \/> marketa.kinterova@fotografnet.cz<\/p>\n<p dir=\"ltr\"><strong>Hana Buddeus<\/strong><br \/> <em>Dramaturgy of the festival and production<\/em><br \/> hana.buddeus@fotografnet.cz<br \/> +420 732 731 628<\/p>\n<p dir=\"ltr\"><strong>Veronika Da\u0148helov\u00e1\u2028<\/strong><br \/> <em>Coordinator of the festival and the accompanying program<\/em><br \/> veronika.danhelova@fotografnet.cz<br \/> +420 603 425 057<\/p>\n<p dir=\"ltr\"><strong>Eli\u0161ka \u017d\u00e1kov\u00e1<\/strong><br \/> <em>Coordinator of the discussion forum<\/em><br \/> eliska.zakova@fotografnet.cz<br \/> +420 728 363 564<\/p>\n<p dir=\"ltr\"><strong>Pavel Ba\u0148ka\u2028<\/strong><br \/> <em>Founder of the festival, editor-in-chief of Fotograf magazine<\/em><br \/> pavel.banka@fotografnet.cz<\/p>\n<p dir=\"ltr\"><strong>Dita Havr\u00e1nkov\u00e1\u2028<\/strong><br \/> <em>Photo-documentation, Facebook<\/em><br \/> ditusehavr@gmail.com<\/p>\n<p dir=\"ltr\"><strong>Eva Hodek\u2028<\/strong><br \/> <em>fundraiser<\/em><br \/> eva.hodek@fotografnet.cz<\/p>\n<p dir=\"ltr\"><strong>\u0160t\u011bp\u00e1n Marko<\/strong><br \/> <em>grafick\u00fd design<\/em><br \/> stepanmarko@seznam.cz<\/p>\n<p dir=\"ltr\"><strong>Ale\u0161 Loziak<\/strong><br \/> <em>webmaster<\/em><br \/> ales.loziak@gmail.com<\/p>\n","protected":false},"excerpt":{"rendered":"<p>Fotograf 07 o. s.\u2028 \u0160kolsk\u00e1 28 Praha 1 110 00 \u2013\u2013 \u00a0info@fotografnet.cz +420 222 942 334 Mark\u00e9ta Kinterov\u00e1\u2028 Art director marketa.kinterova@fotografnet.cz Hana Buddeus Dramaturgy of the festival and production hana.buddeus@fotografnet.cz +420 732 731 628 Veronika Da\u0148helov\u00e1\u2028 Coordinator of the festival and the accompanying program veronika.danhelova@fotografnet.cz +420 603 425 057 Eli\u0161ka \u017d\u00e1kov\u00e1 Coordinator of the discussion [&hellip;]<\/p>\n","protected":false},"author":1,"featured_media":0,"parent":0,"menu_order":0,"comment_status":"open","ping_status":"closed","template":"","meta":{"footnotes":""},"_links":{"self":[{"href":"https:\/\/2014.fotografestival.cz\/en\/wp-json\/wp\/v2\/pages\/78"}],"collection":[{"href":"https:\/\/2014.fotografestival.cz\/en\/wp-json\/wp\/v2\/pages"}],"about":[{"href":"https:\/\/2014.fotografestival.cz\/en\/wp-json\/wp\/v2\/types\/page"}],"author":[{"embeddable":true,"href":"https:\/\/2014.fotografestival.cz\/en\/wp-json\/wp\/v2\/users\/1"}],"replies":[{"embeddable":true,"href":"https:\/\/2014.fotografestival.cz\/en\/wp-json\/wp\/v2\/comments?post=78"}],"version-history":[{"count":2,"href":"https:\/\/2014.fotografestival.cz\/en\/wp-json\/wp\/v2\/pages\/78\/revisions"}],"predecessor-version":[{"id":1085,"href":"https:\/\/2014.fotografestival.cz\/en\/wp-json\/wp\/v2\/pages\/78\/revisions\/1085"}],"wp:attachment":[{"href":"https:\/\/2014.fotografestival.cz\/en\/wp-json\/wp\/v2\/media?parent=78"}],"curies":[{"name":"wp","href":"https:\/\/api.w.org\/{rel}","templated":true}]}}